{"id":15001,"date":"2026-03-30T15:41:38","date_gmt":"2026-03-30T14:41:38","guid":{"rendered":"https:\/\/www.domainedubuc.com\/we-a-velo-y-la-vida-en-el-castillo\/"},"modified":"2026-03-30T15:41:44","modified_gmt":"2026-03-30T14:41:44","slug":"we-a-velo-y-la-vida-en-el-castillo","status":"publish","type":"page","link":"https:\/\/www.domainedubuc.com\/es\/we-a-velo-y-la-vida-en-el-castillo\/","title":{"rendered":"WE \u00e0 V\u00e9lo y la vida en el castillo"},"content":{"rendered":"\t\t<div data-elementor-type=\"wp-page\" data-elementor-id=\"15001\" class=\"elementor elementor-15001 elementor-14229\" data-elementor-post-type=\"page\">\n\t\t\t\t<div class=\"elementor-element elementor-element-22d6b56 e-flex e-con-boxed e-con e-parent\" data-id=\"22d6b56\" data-element_type=\"container\" data-e-type=\"container\">\n\t\t\t\t\t<div class=\"e-con-inner\">\n\t\t\t\t<div class=\"elementor-element elementor-element-d9fbdcd elementor-widget elementor-widget-heading\" data-id=\"d9fbdcd\" data-element_type=\"widget\" data-e-type=\"widget\" data-widget_type=\"heading.default\">\n\t\t\t\t<div class=\"elementor-widget-container\">\n\t\t\t\t\t<h2 class=\"elementor-heading-title elementor-size-default\">Un gran fin de semana con Tarn Tourisme  <\/h2>\t\t\t\t<\/div>\n\t\t\t\t<\/div>\n\t\t\t\t\t<\/div>\n\t\t\t\t<\/div>\n\t\t<div class=\"elementor-element elementor-element-16ccadb e-flex e-con-boxed e-con e-parent\" data-id=\"16ccadb\" data-element_type=\"container\" data-e-type=\"container\">\n\t\t\t\t\t<div class=\"e-con-inner\">\n\t\t\t\t<div class=\"elementor-element elementor-element-5d78f87 elementor-widget elementor-widget-heading\" data-id=\"5d78f87\" data-element_type=\"widget\" data-e-type=\"widget\" data-widget_type=\"heading.default\">\n\t\t\t\t<div class=\"elementor-widget-container\">\n\t\t\t\t\t<h3 class=\"elementor-heading-title elementor-size-default\">Vida en el castillo y escapadas en bicicleta<\/h3>\t\t\t\t<\/div>\n\t\t\t\t<\/div>\n\t\t\t\t\t<\/div>\n\t\t\t\t<\/div>\n\t\t<div class=\"elementor-element elementor-element-6c15fb8 e-flex e-con-boxed e-con e-parent\" data-id=\"6c15fb8\" data-element_type=\"container\" data-e-type=\"container\">\n\t\t\t\t\t<div class=\"e-con-inner\">\n\t\t<div class=\"elementor-element elementor-element-577282d e-con-full e-flex e-con e-child\" data-id=\"577282d\" data-element_type=\"container\" data-e-type=\"container\">\n\t\t\t\t<div class=\"elementor-element elementor-element-e5ec1e7 elementor-widget elementor-widget-text-editor\" data-id=\"e5ec1e7\" data-element_type=\"widget\" data-e-type=\"widget\" data-widget_type=\"text-editor.default\">\n\t\t\t\t<div class=\"elementor-widget-container\">\n\t\t\t\t\t\t\t\t\t<p>Para <strong>pasar un fin de semana relajado<\/strong>, te recomendamos sus habitaciones espaciosas, totalmente equipadas y con una decoraci\u00f3n refinada.<\/p><p>Disfrutar\u00e1s de la paz y el confort de la vida de los castillos, sin concesiones al lujo, la naturaleza y los espacios abiertos. Todas las habitaciones ofrecen una <strong>vista panor\u00e1mica<\/strong> sobre 10 hect\u00e1reas de parque natural arbolado, inspirado en los jardines de estilo ingl\u00e9s, con un<strong>aire campestre<\/strong>. <\/p><p>Un lugar para relajarse y descansar, donde podr\u00e1s aprovechar la paz y la tranquilidad para leer un libro o echar una siesta a la sombra de los \u00e1rboles centenarios.<br \/>Al final del d\u00eda, despu\u00e9s de tus <strong>rom\u00e1nticas escapadas<\/strong> entre los majestuosos \u00e1rboles centenarios o en medio de los vi\u00f1edos vecinos, apreciar\u00e1s la paz y el frescor de la piscina, con sus vistas despejadas sobre el campo.<\/p><p>El servicio incluye :  <\/p><ul><li>Una noche en la habitaci\u00f3n doble de las se\u00f1oras<\/li><li>Desayuno para 2<\/li><li>Bandeja de bienvenida (zumo de frutas, caf\u00e9, galletas)<\/li><li>Un plato local con una copa de vino y postre<\/li><li>Alquiler de 2 bicicletas el\u00e9ctricas durante medio d\u00eda<\/li><\/ul><p><strong>  Precio: 270 euros para 2 personas  <\/strong><\/p>\t\t\t\t\t\t\t\t<\/div>\n\t\t\t\t<\/div>\n\t\t\t\t<div class=\"elementor-element elementor-element-2325bc0 elementor-align-center elementor-widget elementor-widget-button\" data-id=\"2325bc0\" data-element_type=\"widget\" data-e-type=\"widget\" data-widget_type=\"button.default\">\n\t\t\t\t<div class=\"elementor-widget-container\">\n\t\t\t\t\t\t\t\t\t<div class=\"elementor-button-wrapper\">\n\t\t\t\t\t<a class=\"elementor-button elementor-button-link elementor-size-sm\" href=\"https:\/\/domaine-du-buc.amenitiz.io\/fr\/booking\/room#DatesGuests-BE\" target=\"_blank\" rel=\"noopener\">\n\t\t\t\t\t\t<span class=\"elementor-button-content-wrapper\">\n\t\t\t\t\t\t\t\t\t<span class=\"elementor-button-text\">RESERVA<\/span>\n\t\t\t\t\t<\/span>\n\t\t\t\t\t<\/a>\n\t\t\t\t<\/div>\n\t\t\t\t\t\t\t\t<\/div>\n\t\t\t\t<\/div>\n\t\t\t\t<\/div>\n\t\t<div class=\"elementor-element elementor-element-9c44d2e e-con-full e-flex e-con e-child\" data-id=\"9c44d2e\" data-element_type=\"container\" data-e-type=\"container\">\n\t\t\t\t<div class=\"elementor-element elementor-element-0688fcc elementor-widget elementor-widget-image\" data-id=\"0688fcc\" data-element_type=\"widget\" data-e-type=\"widget\" data-widget_type=\"image.default\">\n\t\t\t\t<div class=\"elementor-widget-container\">\n\t\t\t\t\t\t\t\t\t\t\t\t\t\t\t<img loading=\"lazy\" decoding=\"async\" width=\"768\" height=\"1024\" src=\"https:\/\/www.domainedubuc.com\/wp-content\/uploads\/2023\/03\/IMG_5110-768x1024.jpeg\" class=\"attachment-large size-large wp-image-11094\" alt=\"velo electrique en occitanie\" srcset=\"https:\/\/www.domainedubuc.com\/wp-content\/uploads\/2023\/03\/IMG_5110-768x1024.jpeg 768w, https:\/\/www.domainedubuc.com\/wp-content\/uploads\/2023\/03\/IMG_5110-1152x1536.jpeg 1152w, https:\/\/www.domainedubuc.com\/wp-content\/uploads\/2023\/03\/IMG_5110-1536x2048.jpeg 1536w, https:\/\/www.domainedubuc.com\/wp-content\/uploads\/2023\/03\/IMG_5110-391x522.jpeg 391w\" sizes=\"auto, (max-width: 768px) 100vw, 768px\" \/>\t\t\t\t\t\t\t\t\t\t\t\t\t\t\t<\/div>\n\t\t\t\t<\/div>\n\t\t\t\t<\/div>\n\t\t\t\t\t<\/div>\n\t\t\t\t<\/div>\n\t\t<div class=\"elementor-element elementor-element-e345822 e-flex e-con-boxed e-con e-parent\" data-id=\"e345822\" data-element_type=\"container\" data-e-type=\"container\">\n\t\t\t\t\t<div class=\"e-con-inner\">\n\t\t<div class=\"elementor-element elementor-element-3ea8a46 e-con-full e-flex e-con e-child\" data-id=\"3ea8a46\" data-element_type=\"container\" data-e-type=\"container\">\n\t\t\t\t<div class=\"elementor-element elementor-element-fc8b022 elementor-widget elementor-widget-image\" data-id=\"fc8b022\" data-element_type=\"widget\" data-e-type=\"widget\" data-widget_type=\"image.default\">\n\t\t\t\t<div class=\"elementor-widget-container\">\n\t\t\t\t\t\t\t\t\t\t\t\t\t\t\t<img loading=\"lazy\" decoding=\"async\" width=\"505\" height=\"337\" src=\"https:\/\/www.domainedubuc.com\/wp-content\/uploads\/2019\/12\/Velo-Vayssette\u00a9CDTTarn-PascaleWalter-6.jpg\" class=\"attachment-large size-large wp-image-7794\" alt=\"cyclotourisme dans le vignoble de Gaillac\" srcset=\"https:\/\/www.domainedubuc.com\/wp-content\/uploads\/2019\/12\/Velo-Vayssette\u00a9CDTTarn-PascaleWalter-6.jpg 505w, https:\/\/www.domainedubuc.com\/wp-content\/uploads\/2019\/12\/Velo-Vayssette\u00a9CDTTarn-PascaleWalter-6-300x200.jpg 300w, https:\/\/www.domainedubuc.com\/wp-content\/uploads\/2019\/12\/Velo-Vayssette\u00a9CDTTarn-PascaleWalter-6-319x213.jpg 319w\" sizes=\"auto, (max-width: 505px) 100vw, 505px\" \/>\t\t\t\t\t\t\t\t\t\t\t\t\t\t\t<\/div>\n\t\t\t\t<\/div>\n\t\t\t\t<\/div>\n\t\t<div class=\"elementor-element elementor-element-1712418 e-con-full e-flex e-con e-child\" data-id=\"1712418\" data-element_type=\"container\" data-e-type=\"container\">\n\t\t\t\t<div class=\"elementor-element elementor-element-bf80c55 elementor-widget elementor-widget-image\" data-id=\"bf80c55\" data-element_type=\"widget\" data-e-type=\"widget\" data-widget_type=\"image.default\">\n\t\t\t\t<div class=\"elementor-widget-container\">\n\t\t\t\t\t\t\t\t\t\t\t\t\t\t\t<img decoding=\"async\" width=\"800\" height=\"375\" src=\"https:\/\/www.domainedubuc.com\/wp-content\/uploads\/2019\/12\/Cyclotourisme-albi-H-1024x480.jpg\" class=\"attachment-large size-large wp-image-15006\" alt=\"velo dans le tarn ores du domaine du buc\" loading=\"lazy\" srcset=\"https:\/\/www.domainedubuc.com\/wp-content\/uploads\/2019\/12\/Cyclotourisme-albi-H-1024x480.jpg 1024w, https:\/\/www.domainedubuc.com\/wp-content\/uploads\/2019\/12\/Cyclotourisme-albi-H-300x141.jpg 300w, https:\/\/www.domainedubuc.com\/wp-content\/uploads\/2019\/12\/Cyclotourisme-albi-H.jpg 1280w\" sizes=\"auto, (max-width: 800px) 100vw, 800px\" \/>\t\t\t\t\t\t\t\t\t\t\t\t\t\t\t<\/div>\n\t\t\t\t<\/div>\n\t\t\t\t<\/div>\n\t\t\t\t\t<\/div>\n\t\t\t\t<\/div>\n\t\t<div class=\"elementor-element elementor-element-22f7d81 e-flex e-con-boxed e-con e-parent\" data-id=\"22f7d81\" data-element_type=\"container\" data-e-type=\"container\">\n\t\t\t\t\t<div class=\"e-con-inner\">\n\t\t\t\t\t<\/div>\n\t\t\t\t<\/div>\n\t\t\t\t<\/div>\n\t\t","protected":false},"excerpt":{"rendered":"<p>Un gran fin de semana con Tarn Tourisme Vida en el castillo y escapadas en bicicleta Para pasar un fin de semana relajado, te recomendamos sus habitaciones espaciosas, totalmente equipadas y con una decoraci\u00f3n refinada. Disfrutar\u00e1s de la paz y el confort de la vida de los castillos, sin concesiones al lujo, la naturaleza y [&hellip;]<\/p>\n","protected":false},"author":6,"featured_media":15005,"parent":0,"menu_order":0,"comment_status":"closed","ping_status":"closed","template":"","meta":{"_acf_changed":false,"inline_featured_image":false,"footnotes":""},"class_list":["post-15001","page","type-page","status-publish","has-post-thumbnail","hentry"],"acf":[],"_links":{"self":[{"href":"https:\/\/www.domainedubuc.com\/es\/wp-json\/wp\/v2\/pages\/15001","targetHints":{"allow":["GET"]}}],"collection":[{"href":"https:\/\/www.domainedubuc.com\/es\/wp-json\/wp\/v2\/pages"}],"about":[{"href":"https:\/\/www.domainedubuc.com\/es\/wp-json\/wp\/v2\/types\/page"}],"author":[{"embeddable":true,"href":"https:\/\/www.domainedubuc.com\/es\/wp-json\/wp\/v2\/users\/6"}],"replies":[{"embeddable":true,"href":"https:\/\/www.domainedubuc.com\/es\/wp-json\/wp\/v2\/comments?post=15001"}],"version-history":[{"count":3,"href":"https:\/\/www.domainedubuc.com\/es\/wp-json\/wp\/v2\/pages\/15001\/revisions"}],"predecessor-version":[{"id":15016,"href":"https:\/\/www.domainedubuc.com\/es\/wp-json\/wp\/v2\/pages\/15001\/revisions\/15016"}],"wp:featuredmedia":[{"embeddable":true,"href":"https:\/\/www.domainedubuc.com\/es\/wp-json\/wp\/v2\/media\/15005"}],"wp:attachment":[{"href":"https:\/\/www.domainedubuc.com\/es\/wp-json\/wp\/v2\/media?parent=15001"}],"curies":[{"name":"wp","href":"https:\/\/api.w.org\/{rel}","templated":true}]}}