{"id":15004,"date":"2026-03-30T15:41:38","date_gmt":"2026-03-30T14:41:38","guid":{"rendered":"https:\/\/www.domainedubuc.com\/pausa-de-guitarra\/"},"modified":"2026-03-30T15:43:20","modified_gmt":"2026-03-30T14:43:20","slug":"pausa-de-guitarra","status":"publish","type":"page","link":"https:\/\/www.domainedubuc.com\/es\/pausa-de-guitarra\/","title":{"rendered":"Pausa de guitarra"},"content":{"rendered":"\t\t<div data-elementor-type=\"wp-page\" data-elementor-id=\"15004\" class=\"elementor elementor-15004 elementor-14227\" data-elementor-post-type=\"page\">\n\t\t\t\t<div class=\"elementor-element elementor-element-a60107a e-flex e-con-boxed e-con e-parent\" data-id=\"a60107a\" data-element_type=\"container\" data-e-type=\"container\">\n\t\t\t\t\t<div class=\"e-con-inner\">\n\t\t\t\t<div class=\"elementor-element elementor-element-a61e394 elementor-widget elementor-widget-heading\" data-id=\"a61e394\" data-element_type=\"widget\" data-e-type=\"widget\" data-widget_type=\"heading.default\">\n\t\t\t\t<div class=\"elementor-widget-container\">\n\t\t\t\t\t<h2 class=\"elementor-heading-title elementor-size-default\">\u00a1El festival Pause Guitare cumple 30 a\u00f1os!  <\/h2>\t\t\t\t<\/div>\n\t\t\t\t<\/div>\n\t\t\t\t\t<\/div>\n\t\t\t\t<\/div>\n\t\t<div class=\"elementor-element elementor-element-c89d3c2 e-flex e-con-boxed e-con e-parent\" data-id=\"c89d3c2\" data-element_type=\"container\" data-e-type=\"container\">\n\t\t\t\t\t<div class=\"e-con-inner\">\n\t\t<div class=\"elementor-element elementor-element-81b3ff3 e-con-full e-flex e-con e-child\" data-id=\"81b3ff3\" data-element_type=\"container\" data-e-type=\"container\">\n\t\t\t\t<div class=\"elementor-element elementor-element-11e6295 elementor-widget elementor-widget-text-editor\" data-id=\"11e6295\" data-element_type=\"widget\" data-e-type=\"widget\" data-widget_type=\"text-editor.default\">\n\t\t\t\t<div class=\"elementor-widget-container\">\n\t\t\t\t\t\t\t\t\t<div class=\"wp-block-wp-etourisme-v3-text format-excerpt\"><p class=\"reset-margin\">El Festival Pause Guitare 2026 volver\u00e1 a Albi del 8 al 12 de julio.<\/p><p class=\"reset-margin\">Con m\u00e1s de 65.000 espectadores, este festival en el Tarn es uno de los mayores acontecimientos del verano.<\/p><\/div><div class=\"wp-block-wp-etourisme-v3-text format-classic\"><p class=\"reset-margin\">\u00a1El Festival Pause Guitare Sud de France vuelve del 8 al 12 de julio de 2026! Entre el Gran Escenario de Pratgraussals y el instalado al pie de la majestuosa Cath\u00e9drale Sainte-C\u00e9cile, esta 30\u00aa edici\u00f3n promete un programa excepcional y momentos inolvidables. <\/p><p class=\"reset-margin\">Tambi\u00e9n encontrar\u00e1s numerosos escenarios gratuitos donde descubrir los nuevos talentos del ma\u00f1ana en el centro hist\u00f3rico de Albi.<\/p><\/div>\t\t\t\t\t\t\t\t<\/div>\n\t\t\t\t<\/div>\n\t\t\t\t<\/div>\n\t\t<div class=\"elementor-element elementor-element-f171818 e-con-full e-flex e-con e-child\" data-id=\"f171818\" data-element_type=\"container\" data-e-type=\"container\">\n\t\t\t\t<div class=\"elementor-element elementor-element-dc128f7 elementor-widget elementor-widget-image\" data-id=\"dc128f7\" data-element_type=\"widget\" data-e-type=\"widget\" data-widget_type=\"image.default\">\n\t\t\t\t<div class=\"elementor-widget-container\">\n\t\t\t\t\t\t\t\t\t\t\t\t\t\t\t<img loading=\"lazy\" decoding=\"async\" width=\"644\" height=\"464\" src=\"https:\/\/www.domainedubuc.com\/wp-content\/uploads\/2022\/03\/pause-guitare.jpg\" class=\"attachment-large size-large wp-image-10071\" alt=\"pause guitare 2023\" srcset=\"https:\/\/www.domainedubuc.com\/wp-content\/uploads\/2022\/03\/pause-guitare.jpg 644w, https:\/\/www.domainedubuc.com\/wp-content\/uploads\/2022\/03\/pause-guitare-300x216.jpg 300w\" sizes=\"auto, (max-width: 644px) 100vw, 644px\" \/>\t\t\t\t\t\t\t\t\t\t\t\t\t\t\t<\/div>\n\t\t\t\t<\/div>\n\t\t\t\t<\/div>\n\t\t\t\t\t<\/div>\n\t\t\t\t<\/div>\n\t\t<div class=\"elementor-element elementor-element-4e12d95 e-flex e-con-boxed e-con e-parent\" data-id=\"4e12d95\" data-element_type=\"container\" data-e-type=\"container\">\n\t\t\t\t\t<div class=\"e-con-inner\">\n\t\t<div class=\"elementor-element elementor-element-8588dea e-con-full e-flex e-con e-child\" data-id=\"8588dea\" data-element_type=\"container\" data-e-type=\"container\">\n\t\t\t\t<div class=\"elementor-element elementor-element-a22e056 elementor-widget elementor-widget-image\" data-id=\"a22e056\" data-element_type=\"widget\" data-e-type=\"widget\" data-widget_type=\"image.default\">\n\t\t\t\t<div class=\"elementor-widget-container\">\n\t\t\t\t\t\t\t\t\t\t\t\t\t\t\t<img loading=\"lazy\" decoding=\"async\" width=\"553\" height=\"473\" src=\"https:\/\/www.domainedubuc.com\/wp-content\/uploads\/2026\/03\/Orelsan.jpg\" class=\"attachment-large size-large wp-image-15008\" alt=\"Orelsan \u00e0 Pause guitare\" srcset=\"https:\/\/www.domainedubuc.com\/wp-content\/uploads\/2026\/03\/Orelsan.jpg 553w, https:\/\/www.domainedubuc.com\/wp-content\/uploads\/2026\/03\/Orelsan-300x257.jpg 300w\" sizes=\"auto, (max-width: 553px) 100vw, 553px\" \/>\t\t\t\t\t\t\t\t\t\t\t\t\t\t\t<\/div>\n\t\t\t\t<\/div>\n\t\t\t\t<\/div>\n\t\t<div class=\"elementor-element elementor-element-522a802 e-con-full e-flex e-con e-child\" data-id=\"522a802\" data-element_type=\"container\" data-e-type=\"container\">\n\t\t\t\t<div class=\"elementor-element elementor-element-92f86e6 elementor-widget elementor-widget-text-editor\" data-id=\"92f86e6\" data-element_type=\"widget\" data-e-type=\"widget\" data-widget_type=\"text-editor.default\">\n\t\t\t\t<div class=\"elementor-widget-container\">\n\t\t\t\t\t\t\t\t\t<p>Desde 1996, ha dado un lugar de honor a los artistas franc\u00f3fonos, mezclando cabezas de cartel con j\u00f3venes talentos. As\u00ed abri\u00f3 sus escenarios a B\u00e9nabar, Cali, Renan Luce, Deluxe, Cats On Trees&#8230; cuando acababan de iniciar sus carreras. Tambi\u00e9n ha programado a artistas de renombre internacional como Sting, Patti Smith, Bob Dylan, Joe Cocker, Elton John, Scorpions e Iggy Pop.  <\/p><p><strong>En 2026, un programa lleno de color: Orelsan, Gimas, Ben Harper, Ril\u00e8s o V\u00e9ronique Sanson<\/strong>&#8230; \u00a1para todos los gustos!<\/p><p>Informaci\u00f3n y reservas:<\/p><ul><li><a href=\"https:\/\/www.albi-tourisme.fr\/agenda\/festival-pause-guitare-sud-de-france-2026\/\" target=\"_blank\" rel=\"noopener\">Oficina de Turismo de Albi<\/a><\/li><li><a href=\"https:\/\/www.pauseguitare.net\/\" target=\"_blank\" rel=\"noopener\">Festival Pause Guitare<\/a><\/li><\/ul><p> <\/p><p>\u00a1Consigue tus entradas para el festival y ven a alojarte en un <a href=\"https:\/\/www.domainedubuc.com\/chambres-d-hotes\/\">encantador bed and breakfast<\/a> o <a href=\"https:\/\/www.domainedubuc.com\/gites\/\">casa rural<\/a> en <strong>el Domaine du Buc! <\/strong> <\/p>\t\t\t\t\t\t\t\t<\/div>\n\t\t\t\t<\/div>\n\t\t\t\t<\/div>\n\t\t\t\t\t<\/div>\n\t\t\t\t<\/div>\n\t\t\t\t<\/div>\n\t\t","protected":false},"excerpt":{"rendered":"<p>\u00a1El festival Pause Guitare cumple 30 a\u00f1os! El Festival Pause Guitare 2026 volver\u00e1 a Albi del 8 al 12 de julio. Con m\u00e1s de 65.000 espectadores, este festival en el Tarn es uno de los mayores acontecimientos del verano. \u00a1El Festival Pause Guitare Sud de France vuelve del 8 al 12 de julio de 2026! [&hellip;]<\/p>\n","protected":false},"author":6,"featured_media":15007,"parent":0,"menu_order":0,"comment_status":"closed","ping_status":"closed","template":"","meta":{"_acf_changed":false,"inline_featured_image":false,"footnotes":""},"class_list":["post-15004","page","type-page","status-publish","has-post-thumbnail","hentry"],"acf":[],"_links":{"self":[{"href":"https:\/\/www.domainedubuc.com\/es\/wp-json\/wp\/v2\/pages\/15004","targetHints":{"allow":["GET"]}}],"collection":[{"href":"https:\/\/www.domainedubuc.com\/es\/wp-json\/wp\/v2\/pages"}],"about":[{"href":"https:\/\/www.domainedubuc.com\/es\/wp-json\/wp\/v2\/types\/page"}],"author":[{"embeddable":true,"href":"https:\/\/www.domainedubuc.com\/es\/wp-json\/wp\/v2\/users\/6"}],"replies":[{"embeddable":true,"href":"https:\/\/www.domainedubuc.com\/es\/wp-json\/wp\/v2\/comments?post=15004"}],"version-history":[{"count":4,"href":"https:\/\/www.domainedubuc.com\/es\/wp-json\/wp\/v2\/pages\/15004\/revisions"}],"predecessor-version":[{"id":15135,"href":"https:\/\/www.domainedubuc.com\/es\/wp-json\/wp\/v2\/pages\/15004\/revisions\/15135"}],"wp:featuredmedia":[{"embeddable":true,"href":"https:\/\/www.domainedubuc.com\/es\/wp-json\/wp\/v2\/media\/15007"}],"wp:attachment":[{"href":"https:\/\/www.domainedubuc.com\/es\/wp-json\/wp\/v2\/media?parent=15004"}],"curies":[{"name":"wp","href":"https:\/\/api.w.org\/{rel}","templated":true}]}}