{"id":15028,"date":"2026-03-30T15:41:49","date_gmt":"2026-03-30T14:41:49","guid":{"rendered":"https:\/\/www.domainedubuc.com\/albi-2\/"},"modified":"2026-03-30T15:41:51","modified_gmt":"2026-03-30T14:41:51","slug":"albi-2","status":"publish","type":"page","link":"https:\/\/www.domainedubuc.com\/es\/albi-2\/","title":{"rendered":"Albi"},"content":{"rendered":"\t\t<div data-elementor-type=\"wp-page\" data-elementor-id=\"15028\" class=\"elementor elementor-15028 elementor-12850\" data-elementor-post-type=\"page\">\n\t\t\t\t<div class=\"elementor-element elementor-element-eccaf9c e-flex e-con-boxed e-con e-parent\" data-id=\"eccaf9c\" data-element_type=\"container\" data-e-type=\"container\">\n\t\t\t\t\t<div class=\"e-con-inner\">\n\t\t\t\t<div class=\"elementor-element elementor-element-ab43504 elementor-widget elementor-widget-heading\" data-id=\"ab43504\" data-element_type=\"widget\" data-e-type=\"widget\" data-widget_type=\"heading.default\">\n\t\t\t\t<div class=\"elementor-widget-container\">\n\t\t\t\t\t<h2 class=\"elementor-heading-title elementor-size-default\">La Ciudad Episcopal  <\/h2>\t\t\t\t<\/div>\n\t\t\t\t<\/div>\n\t\t\t\t<div class=\"elementor-element elementor-element-9633d59 elementor-widget elementor-widget-text-editor\" data-id=\"9633d59\" data-element_type=\"widget\" data-e-type=\"widget\" data-widget_type=\"text-editor.default\">\n\t\t\t\t<div class=\"elementor-widget-container\">\n\t\t\t\t\t\t\t\t\t<p>Est\u00e1 reconocida como Patrimonio de la Humanidad por la UNESCO desde 2010. La ciudad es un conjunto urbano de ladrillo \u00fanico en el mundo. El ladrillo es la firma arquitect\u00f3nica de la <strong><a href=\"https:\/\/www.albi-tourisme.fr\/fr\/decouvrir\/patrimoine-mondial\/la-cite-episcopale.html\" target=\"_blank\" rel=\"noopener\">Ciudad Episcopal<\/a><\/strong>  <\/p>\t\t\t\t\t\t\t\t<\/div>\n\t\t\t\t<\/div>\n\t\t\t\t<div class=\"elementor-element elementor-element-1d1dbef elementor-widget elementor-widget-heading\" data-id=\"1d1dbef\" data-element_type=\"widget\" data-e-type=\"widget\" data-widget_type=\"heading.default\">\n\t\t\t\t<div class=\"elementor-widget-container\">\n\t\t\t\t\t<h3 class=\"elementor-heading-title elementor-size-default\">Catedral Sainte C\u00e9cile  <\/h3>\t\t\t\t<\/div>\n\t\t\t\t<\/div>\n\t\t\t\t\t<\/div>\n\t\t\t\t<\/div>\n\t\t<div class=\"elementor-element elementor-element-25b5569 e-flex e-con-boxed e-con e-parent\" data-id=\"25b5569\" data-element_type=\"container\" data-e-type=\"container\">\n\t\t\t\t\t<div class=\"e-con-inner\">\n\t\t<div class=\"elementor-element elementor-element-701dd4a e-con-full e-flex e-con e-child\" data-id=\"701dd4a\" data-element_type=\"container\" data-e-type=\"container\">\n\t\t\t\t<div class=\"elementor-element elementor-element-22dea74 elementor-widget elementor-widget-text-editor\" data-id=\"22dea74\" data-element_type=\"widget\" data-e-type=\"widget\" data-widget_type=\"text-editor.default\">\n\t\t\t\t<div class=\"elementor-widget-container\">\n\t\t\t\t\t\t\t\t\t<p>Uno de los conjuntos monumentales de ladrillo m\u00e1s poderosos del mundo. Obra maestra del g\u00f3tico meridional, ofrece un asombroso contraste entre el rigor de su arquitectura defensiva y su <strong>suntuosa decoraci\u00f3n interior.<\/strong> <\/p><p>De 113 m de largo y 35 m de ancho, \u00a1su campanario tiene 78 m de altura! \u00bfSabes cu\u00e1ntos escalones hay para llegar al campanario? 365 escalones.  <\/p><p><strong>Su \u00f3rgano monumental<\/strong> tiene 3549 tubos y el n\u00famero de ladrillos utilizados para construir <strong>la catedral es de \u00a114 millones!<\/strong><\/p><p>Si quieres una <a href=\"http:\/\/www.dedans-dehors.com\/2019\/02\/la-cathedrale-d-albi-devoilee-visite-privee-de-sainte-cecile-par-son-cure.html\" target=\"_blank\" rel=\"noopener\">visita privada a la catedral de Albi, visita el blog de Christian Rivi\u00e8re<\/a>, \u00a1es fascinante!<\/p>\t\t\t\t\t\t\t\t<\/div>\n\t\t\t\t<\/div>\n\t\t\t\t<\/div>\n\t\t<div class=\"elementor-element elementor-element-c49eb2f e-con-full e-flex e-con e-child\" data-id=\"c49eb2f\" data-element_type=\"container\" data-e-type=\"container\">\n\t\t\t\t<div class=\"elementor-element elementor-element-0e0fb7d elementor-widget elementor-widget-image\" data-id=\"0e0fb7d\" data-element_type=\"widget\" data-e-type=\"widget\" data-widget_type=\"image.default\">\n\t\t\t\t<div class=\"elementor-widget-container\">\n\t\t\t\t\t\t\t\t\t\t\t\t\t\t\t<img loading=\"lazy\" decoding=\"async\" width=\"800\" height=\"374\" src=\"https:\/\/www.domainedubuc.com\/wp-content\/uploads\/2019\/02\/Albi-H-1024x479.jpg\" class=\"attachment-large size-large wp-image-7061\" alt=\"cathedrale-albi-tarn\" srcset=\"https:\/\/www.domainedubuc.com\/wp-content\/uploads\/2019\/02\/Albi-H-1024x479.jpg 1024w, https:\/\/www.domainedubuc.com\/wp-content\/uploads\/2019\/02\/Albi-H-300x140.jpg 300w, https:\/\/www.domainedubuc.com\/wp-content\/uploads\/2019\/02\/Albi-H.jpg 1280w\" sizes=\"auto, (max-width: 800px) 100vw, 800px\" \/>\t\t\t\t\t\t\t\t\t\t\t\t\t\t\t<\/div>\n\t\t\t\t<\/div>\n\t\t\t\t<\/div>\n\t\t\t\t\t<\/div>\n\t\t\t\t<\/div>\n\t\t<div class=\"elementor-element elementor-element-ab2cd0b e-flex e-con-boxed e-con e-parent\" data-id=\"ab2cd0b\" data-element_type=\"container\" data-e-type=\"container\">\n\t\t\t\t\t<div class=\"e-con-inner\">\n\t\t\t\t<div class=\"elementor-element elementor-element-c619dc7 elementor-widget elementor-widget-heading\" data-id=\"c619dc7\" data-element_type=\"widget\" data-e-type=\"widget\" data-widget_type=\"heading.default\">\n\t\t\t\t<div class=\"elementor-widget-container\">\n\t\t\t\t\t<h3 class=\"elementor-heading-title elementor-size-default\">El Palacio de la Berbie<\/h3>\t\t\t\t<\/div>\n\t\t\t\t<\/div>\n\t\t\t\t\t<\/div>\n\t\t\t\t<\/div>\n\t\t<div class=\"elementor-element elementor-element-2ec039f e-flex e-con-boxed e-con e-parent\" data-id=\"2ec039f\" data-element_type=\"container\" data-e-type=\"container\">\n\t\t\t\t\t<div class=\"e-con-inner\">\n\t\t<div class=\"elementor-element elementor-element-a253bd7 e-con-full e-flex e-con e-child\" data-id=\"a253bd7\" data-element_type=\"container\" data-e-type=\"container\">\n\t\t\t\t<div class=\"elementor-element elementor-element-f44b975 elementor-widget elementor-widget-image\" data-id=\"f44b975\" data-element_type=\"widget\" data-e-type=\"widget\" data-widget_type=\"image.default\">\n\t\t\t\t<div class=\"elementor-widget-container\">\n\t\t\t\t\t\t\t\t\t\t\t\t\t\t\t<img loading=\"lazy\" decoding=\"async\" width=\"446\" height=\"337\" src=\"https:\/\/www.domainedubuc.com\/wp-content\/uploads\/2016\/02\/Albi7.jpg\" class=\"attachment-large size-large wp-image-4919\" alt=\"\" srcset=\"https:\/\/www.domainedubuc.com\/wp-content\/uploads\/2016\/02\/Albi7.jpg 446w, https:\/\/www.domainedubuc.com\/wp-content\/uploads\/2016\/02\/Albi7-300x227.jpg 300w\" sizes=\"auto, (max-width: 446px) 100vw, 446px\" \/>\t\t\t\t\t\t\t\t\t\t\t\t\t\t\t<\/div>\n\t\t\t\t<\/div>\n\t\t\t\t<\/div>\n\t\t<div class=\"elementor-element elementor-element-d696c5b e-con-full e-flex e-con e-child\" data-id=\"d696c5b\" data-element_type=\"container\" data-e-type=\"container\">\n\t\t\t\t<div class=\"elementor-element elementor-element-1957ceb elementor-widget elementor-widget-text-editor\" data-id=\"1957ceb\" data-element_type=\"widget\" data-e-type=\"widget\" data-widget_type=\"text-editor.default\">\n\t\t\t\t<div class=\"elementor-widget-container\">\n\t\t\t\t\t\t\t\t\t<p>Esta imponente fortaleza se termin\u00f3 de construir a finales del siglo XIII. Es la expresi\u00f3n temporal y espiritual de los obispos de Albi. (Berbie significa Obispos en occitano). Su arquitectura militar afirmaba el poder de los obispos sobre los c\u00f3nsules de la ciudad. A lo largo de los siglos, los obispos la transformaron en residencia de recreo. Declarado monumento hist\u00f3rico en 1862, es uno de los palacios episcopales mejor conservados de Francia.     <\/p><p><strong>Albi tambi\u00e9n alberga un museo de renombre internacional:<\/strong><\/p><p><strong><a href=\"http:\/\/musee-toulouse-lautrec.com\/\" target=\"_blank\" rel=\"noopener\">Museo Toulouse-Lautrec<\/a>:<\/strong> El antiguo palacio episcopal, construido en el siglo XIII, es un escenario inesperado para la obra del pintor albigense Henri de Toulouse-Lautrec. <a href=\"http:\/\/www.musee-toulouse-lautrec.com\/\" target=\"_blank\" rel=\"noopener\">www. <\/a>musee-toulouse-lautrec.com  <\/p>\t\t\t\t\t\t\t\t<\/div>\n\t\t\t\t<\/div>\n\t\t\t\t<\/div>\n\t\t\t\t\t<\/div>\n\t\t\t\t<\/div>\n\t\t<div class=\"elementor-element elementor-element-a099fae e-flex e-con-boxed e-con e-parent\" data-id=\"a099fae\" data-element_type=\"container\" data-e-type=\"container\">\n\t\t\t\t\t<div class=\"e-con-inner\">\n\t\t\t\t<div class=\"elementor-element elementor-element-c14ac7e elementor-widget elementor-widget-text-editor\" data-id=\"c14ac7e\" data-element_type=\"widget\" data-e-type=\"widget\" data-widget_type=\"text-editor.default\">\n\t\t\t\t<div class=\"elementor-widget-container\">\n\t\t\t\t\t\t\t\t\t<p><a href=\"https:\/\/www.albi-tourisme.fr\/fr\/le-musee-laperouse-albi.html\" target=\"_blank\" rel=\"noopener\">El<\/a><strong><a href=\"https:\/\/www.albi-tourisme.fr\/fr\/le-musee-laperouse-albi.html\" target=\"_blank\" rel=\"noopener\"> Museo Lap\u00e9rouse<\/a>:<\/strong> Jean-Fran\u00e7ois Galaup de Lap\u00e9rouse, famoso explorador, naci\u00f3 en una familia noble de Albi.<\/p>\t\t\t\t\t\t\t\t<\/div>\n\t\t\t\t<\/div>\n\t\t\t\t\t<\/div>\n\t\t\t\t<\/div>\n\t\t<div class=\"elementor-element elementor-element-63f0dd6 e-flex e-con-boxed e-con e-parent\" data-id=\"63f0dd6\" data-element_type=\"container\" data-e-type=\"container\">\n\t\t\t\t\t<div class=\"e-con-inner\">\n\t\t<div class=\"elementor-element elementor-element-025a10c e-con-full e-flex e-con e-child\" data-id=\"025a10c\" data-element_type=\"container\" data-e-type=\"container\">\n\t\t\t\t<div class=\"elementor-element elementor-element-0379ced elementor-widget elementor-widget-image\" data-id=\"0379ced\" data-element_type=\"widget\" data-e-type=\"widget\" data-widget_type=\"image.default\">\n\t\t\t\t<div class=\"elementor-widget-container\">\n\t\t\t\t\t\t\t\t\t\t\t\t\t\t\t<img decoding=\"async\" width=\"505\" height=\"337\" src=\"https:\/\/www.domainedubuc.com\/wp-content\/uploads\/2016\/02\/Albi6.jpg\" class=\"attachment-large size-large wp-image-4918\" alt=\"\" loading=\"lazy\" srcset=\"https:\/\/www.domainedubuc.com\/wp-content\/uploads\/2016\/02\/Albi6.jpg 505w, https:\/\/www.domainedubuc.com\/wp-content\/uploads\/2016\/02\/Albi6-300x200.jpg 300w, https:\/\/www.domainedubuc.com\/wp-content\/uploads\/2016\/02\/Albi6-319x213.jpg 319w\" sizes=\"auto, (max-width: 505px) 100vw, 505px\" \/>\t\t\t\t\t\t\t\t\t\t\t\t\t\t\t<\/div>\n\t\t\t\t<\/div>\n\t\t\t\t<\/div>\n\t\t<div class=\"elementor-element elementor-element-87bd662 e-con-full e-flex e-con e-child\" data-id=\"87bd662\" data-element_type=\"container\" data-e-type=\"container\">\n\t\t\t\t<div class=\"elementor-element elementor-element-b1aeb3f elementor-widget elementor-widget-image\" data-id=\"b1aeb3f\" data-element_type=\"widget\" data-e-type=\"widget\" data-widget_type=\"image.default\">\n\t\t\t\t<div class=\"elementor-widget-container\">\n\t\t\t\t\t\t\t\t\t\t\t\t\t\t\t<img decoding=\"async\" width=\"800\" height=\"374\" src=\"https:\/\/www.domainedubuc.com\/wp-content\/uploads\/2019\/03\/Cathedrale-Sainte-CecileH-1024x479.jpg\" class=\"attachment-large size-large wp-image-7140\" alt=\"cathedrale sainte cecile albi Domaine du Buc , chambres d&#039;hotes\" loading=\"lazy\" srcset=\"https:\/\/www.domainedubuc.com\/wp-content\/uploads\/2019\/03\/Cathedrale-Sainte-CecileH-1024x479.jpg 1024w, https:\/\/www.domainedubuc.com\/wp-content\/uploads\/2019\/03\/Cathedrale-Sainte-CecileH-300x140.jpg 300w, https:\/\/www.domainedubuc.com\/wp-content\/uploads\/2019\/03\/Cathedrale-Sainte-CecileH.jpg 1280w\" sizes=\"auto, (max-width: 800px) 100vw, 800px\" \/>\t\t\t\t\t\t\t\t\t\t\t\t\t\t\t<\/div>\n\t\t\t\t<\/div>\n\t\t\t\t<\/div>\n\t\t\t\t\t<\/div>\n\t\t\t\t<\/div>\n\t\t<div class=\"elementor-element elementor-element-b23aa00 e-flex e-con-boxed e-con e-parent\" data-id=\"b23aa00\" data-element_type=\"container\" data-e-type=\"container\">\n\t\t\t\t\t<div class=\"e-con-inner\">\n\t\t<div class=\"elementor-element elementor-element-2112bea e-con-full e-flex e-con e-child\" data-id=\"2112bea\" data-element_type=\"container\" data-e-type=\"container\">\n\t\t\t\t<div class=\"elementor-element elementor-element-ed2c360 elementor-widget elementor-widget-image\" data-id=\"ed2c360\" data-element_type=\"widget\" data-e-type=\"widget\" data-widget_type=\"image.default\">\n\t\t\t\t<div class=\"elementor-widget-container\">\n\t\t\t\t\t\t\t\t\t\t\t\t\t\t\t<img decoding=\"async\" width=\"800\" height=\"426\" src=\"https:\/\/www.domainedubuc.com\/wp-content\/uploads\/2022\/08\/musee-lautrec-1024x545.webp\" class=\"attachment-large size-large wp-image-10562\" alt=\"\" loading=\"lazy\" srcset=\"https:\/\/www.domainedubuc.com\/wp-content\/uploads\/2022\/08\/musee-lautrec-1024x545.webp 1024w, https:\/\/www.domainedubuc.com\/wp-content\/uploads\/2022\/08\/musee-lautrec-300x160.webp 300w, https:\/\/www.domainedubuc.com\/wp-content\/uploads\/2022\/08\/musee-lautrec.webp 1274w\" sizes=\"auto, (max-width: 800px) 100vw, 800px\" \/>\t\t\t\t\t\t\t\t\t\t\t\t\t\t\t<\/div>\n\t\t\t\t<\/div>\n\t\t\t\t<\/div>\n\t\t<div class=\"elementor-element elementor-element-cd0225c e-con-full e-flex e-con e-child\" data-id=\"cd0225c\" data-element_type=\"container\" data-e-type=\"container\">\n\t\t\t\t<div class=\"elementor-element elementor-element-b7095f9 elementor-widget elementor-widget-image\" data-id=\"b7095f9\" data-element_type=\"widget\" data-e-type=\"widget\" data-widget_type=\"image.default\">\n\t\t\t\t<div class=\"elementor-widget-container\">\n\t\t\t\t\t\t\t\t\t\t\t\t\t\t\t<img decoding=\"async\" width=\"800\" height=\"600\" src=\"https:\/\/www.domainedubuc.com\/wp-content\/uploads\/2015\/06\/MuseeTLS-1024x768.jpg\" class=\"attachment-large size-large wp-image-3863\" alt=\"Mus\u00e9e Toulouse Lautrec\" loading=\"lazy\" srcset=\"https:\/\/www.domainedubuc.com\/wp-content\/uploads\/2015\/06\/MuseeTLS-1024x768.jpg 1024w, https:\/\/www.domainedubuc.com\/wp-content\/uploads\/2015\/06\/MuseeTLS-300x225.jpg 300w, https:\/\/www.domainedubuc.com\/wp-content\/uploads\/2015\/06\/MuseeTLS-768x576.jpg 768w, https:\/\/www.domainedubuc.com\/wp-content\/uploads\/2015\/06\/MuseeTLS.jpg 1600w\" sizes=\"auto, (max-width: 800px) 100vw, 800px\" \/>\t\t\t\t\t\t\t\t\t\t\t\t\t\t\t<\/div>\n\t\t\t\t<\/div>\n\t\t\t\t<\/div>\n\t\t\t\t\t<\/div>\n\t\t\t\t<\/div>\n\t\t\t\t<\/div>\n\t\t","protected":false},"excerpt":{"rendered":"<p>La Ciudad Episcopal Est\u00e1 reconocida como Patrimonio de la Humanidad por la UNESCO desde 2010. La ciudad es un conjunto urbano de ladrillo \u00fanico en el mundo. El ladrillo es la firma arquitect\u00f3nica de la Ciudad Episcopal Catedral Sainte C\u00e9cile Uno de los conjuntos monumentales de ladrillo m\u00e1s poderosos del mundo. Obra maestra del g\u00f3tico [&hellip;]<\/p>\n","protected":false},"author":6,"featured_media":15030,"parent":0,"menu_order":0,"comment_status":"closed","ping_status":"closed","template":"","meta":{"_acf_changed":false,"inline_featured_image":false,"footnotes":""},"class_list":["post-15028","page","type-page","status-publish","has-post-thumbnail","hentry"],"acf":[],"_links":{"self":[{"href":"https:\/\/www.domainedubuc.com\/es\/wp-json\/wp\/v2\/pages\/15028","targetHints":{"allow":["GET"]}}],"collection":[{"href":"https:\/\/www.domainedubuc.com\/es\/wp-json\/wp\/v2\/pages"}],"about":[{"href":"https:\/\/www.domainedubuc.com\/es\/wp-json\/wp\/v2\/types\/page"}],"author":[{"embeddable":true,"href":"https:\/\/www.domainedubuc.com\/es\/wp-json\/wp\/v2\/users\/6"}],"replies":[{"embeddable":true,"href":"https:\/\/www.domainedubuc.com\/es\/wp-json\/wp\/v2\/comments?post=15028"}],"version-history":[{"count":1,"href":"https:\/\/www.domainedubuc.com\/es\/wp-json\/wp\/v2\/pages\/15028\/revisions"}],"predecessor-version":[{"id":15035,"href":"https:\/\/www.domainedubuc.com\/es\/wp-json\/wp\/v2\/pages\/15028\/revisions\/15035"}],"wp:featuredmedia":[{"embeddable":true,"href":"https:\/\/www.domainedubuc.com\/es\/wp-json\/wp\/v2\/media\/15030"}],"wp:attachment":[{"href":"https:\/\/www.domainedubuc.com\/es\/wp-json\/wp\/v2\/media?parent=15028"}],"curies":[{"name":"wp","href":"https:\/\/api.w.org\/{rel}","templated":true}]}}