{"id":15041,"date":"2026-03-30T15:41:57","date_gmt":"2026-03-30T14:41:57","guid":{"rendered":"https:\/\/www.domainedubuc.com\/historia-del-castillo\/"},"modified":"2026-03-30T15:41:59","modified_gmt":"2026-03-30T14:41:59","slug":"historia-del-castillo","status":"publish","type":"page","link":"https:\/\/www.domainedubuc.com\/es\/historia-del-castillo\/","title":{"rendered":"Historia del castillo"},"content":{"rendered":"\t\t<div data-elementor-type=\"wp-page\" data-elementor-id=\"15041\" class=\"elementor elementor-15041 elementor-12792\" data-elementor-post-type=\"page\">\n\t\t\t\t<div class=\"elementor-element elementor-element-ee9eca9 e-flex e-con-boxed e-con e-parent\" data-id=\"ee9eca9\" data-element_type=\"container\" data-e-type=\"container\">\n\t\t\t\t\t<div class=\"e-con-inner\">\n\t\t\t\t<div class=\"elementor-element elementor-element-c08a6ca elementor-widget elementor-widget-heading\" data-id=\"c08a6ca\" data-element_type=\"widget\" data-e-type=\"widget\" data-widget_type=\"heading.default\">\n\t\t\t\t<div class=\"elementor-widget-container\">\n\t\t\t\t\t<h2 class=\"elementor-heading-title elementor-size-default\">Una historia familiar  <\/h2>\t\t\t\t<\/div>\n\t\t\t\t<\/div>\n\t\t\t\t\t<\/div>\n\t\t\t\t<\/div>\n\t\t<div class=\"elementor-element elementor-element-691bf1c e-flex e-con-boxed e-con e-parent\" data-id=\"691bf1c\" data-element_type=\"container\" data-e-type=\"container\">\n\t\t\t\t\t<div class=\"e-con-inner\">\n\t\t<div class=\"elementor-element elementor-element-239d897 e-con-full e-flex e-con e-child\" data-id=\"239d897\" data-element_type=\"container\" data-e-type=\"container\">\n\t\t\t\t<div class=\"elementor-element elementor-element-16f2a2d elementor-widget elementor-widget-text-editor\" data-id=\"16f2a2d\" data-element_type=\"widget\" data-e-type=\"widget\" data-widget_type=\"text-editor.default\">\n\t\t\t\t<div class=\"elementor-widget-container\">\n\t\t\t\t\t\t\t\t\t<p>Situado en los municipios de Marssac y Florentin, a una docena de kil\u00f3metros de Albi, Le Buc es un lugar llamativo con unos cuantos \u00e1rboles grandes en un vasto parque ajardinado. <a href=\"\/domaine\/le-parc\/\"><strong>terreno ajardinado<\/strong><\/a> donde se encuentran los edificios, con su aspecto de finales del siglo XIX.<\/p>\n<p><\/p>\n<p>Construido sobre cimientos mucho m\u00e1s antiguos (entre 1607 y 1684 por la familia Teissier d&#8217;Albi), Le Buc, con <a href=\"https:\/\/www.domainedubuc.com\/?p=4095\">su castillo de 1900<\/a>, sus dependencias y <a href=\"https:\/\/www.domainedubuc.com\/?p=4099\">su palomar decorado<\/a>, representa un conjunto homog\u00e9neo, donde todo estaba previsto para que el propietario y su familia pudieran vivir con tranquilidad, incluso con lujo, en una autosuficiencia casi total.<\/p>\n<p>Vendido en 1890 por la familia Teissier a la <strong>familia Dussap-Boe,<\/strong> fue completamente remodelado en 1894: se a\u00f1adieron una torre octogonal y un segundo piso, se a\u00f1adieron grandes terrazas y se instal\u00f3 un tejado de pizarra de gran pendiente, todo ello al m\u00e1s puro estilo \u00abchalet\u00bb de moda a finales de siglo.<\/p>\t\t\t\t\t\t\t\t<\/div>\n\t\t\t\t<\/div>\n\t\t\t\t<\/div>\n\t\t<div class=\"elementor-element elementor-element-e76522a e-con-full e-flex e-con e-child\" data-id=\"e76522a\" data-element_type=\"container\" data-e-type=\"container\">\n\t\t\t\t<div class=\"elementor-element elementor-element-a7abb39 elementor-widget elementor-widget-image\" data-id=\"a7abb39\" data-element_type=\"widget\" data-e-type=\"widget\" data-widget_type=\"image.default\">\n\t\t\t\t<div class=\"elementor-widget-container\">\n\t\t\t\t\t\t\t\t\t\t\t\t\t\t\t<img loading=\"lazy\" decoding=\"async\" width=\"800\" height=\"533\" src=\"https:\/\/www.domainedubuc.com\/wp-content\/uploads\/2013\/02\/Histoire-Domaine-du-Buc-Tarn.jpg\" class=\"attachment-large size-large wp-image-792\" alt=\"chateau 1900 , manoir, domaine du buc albi, tarn chambres d&#039;hotes\" srcset=\"https:\/\/www.domainedubuc.com\/wp-content\/uploads\/2013\/02\/Histoire-Domaine-du-Buc-Tarn.jpg 900w, https:\/\/www.domainedubuc.com\/wp-content\/uploads\/2013\/02\/Histoire-Domaine-du-Buc-Tarn-300x200.jpg 300w, https:\/\/www.domainedubuc.com\/wp-content\/uploads\/2013\/02\/Histoire-Domaine-du-Buc-Tarn-768x512.jpg 768w, https:\/\/www.domainedubuc.com\/wp-content\/uploads\/2013\/02\/Histoire-Domaine-du-Buc-Tarn-410x273.jpg 410w, https:\/\/www.domainedubuc.com\/wp-content\/uploads\/2013\/02\/Histoire-Domaine-du-Buc-Tarn-529x353.jpg 529w, https:\/\/www.domainedubuc.com\/wp-content\/uploads\/2013\/02\/Histoire-Domaine-du-Buc-Tarn-319x213.jpg 319w, https:\/\/www.domainedubuc.com\/wp-content\/uploads\/2013\/02\/Histoire-Domaine-du-Buc-Tarn-505x337.jpg 505w\" sizes=\"auto, (max-width: 800px) 100vw, 800px\" \/>\t\t\t\t\t\t\t\t\t\t\t\t\t\t\t<\/div>\n\t\t\t\t<\/div>\n\t\t\t\t<\/div>\n\t\t\t\t\t<\/div>\n\t\t\t\t<\/div>\n\t\t<div class=\"elementor-element elementor-element-b9deee9 e-flex e-con-boxed e-con e-parent\" data-id=\"b9deee9\" data-element_type=\"container\" data-e-type=\"container\">\n\t\t\t\t\t<div class=\"e-con-inner\">\n\t\t<div class=\"elementor-element elementor-element-486ac6f e-con-full e-flex e-con e-child\" data-id=\"486ac6f\" data-element_type=\"container\" data-e-type=\"container\">\n\t\t\t\t<div class=\"elementor-element elementor-element-e4ca483 elementor-widget elementor-widget-image\" data-id=\"e4ca483\" data-element_type=\"widget\" data-e-type=\"widget\" data-widget_type=\"image.default\">\n\t\t\t\t<div class=\"elementor-widget-container\">\n\t\t\t\t\t\t\t\t\t\t\t\t\t\t\t<img loading=\"lazy\" decoding=\"async\" width=\"800\" height=\"619\" src=\"https:\/\/www.domainedubuc.com\/wp-content\/uploads\/2026\/03\/Plan-Projet-Parc-1024x792.jpg\" class=\"attachment-large size-large wp-image-15043\" alt=\"\" srcset=\"https:\/\/www.domainedubuc.com\/wp-content\/uploads\/2026\/03\/Plan-Projet-Parc-1024x792.jpg 1024w, https:\/\/www.domainedubuc.com\/wp-content\/uploads\/2026\/03\/Plan-Projet-Parc-300x232.jpg 300w, https:\/\/www.domainedubuc.com\/wp-content\/uploads\/2026\/03\/Plan-Projet-Parc-1536x1188.jpg 1536w, https:\/\/www.domainedubuc.com\/wp-content\/uploads\/2026\/03\/Plan-Projet-Parc-2048x1584.jpg 2048w, https:\/\/www.domainedubuc.com\/wp-content\/uploads\/2026\/03\/Plan-Projet-Parc-scaled.jpg 1552w\" sizes=\"auto, (max-width: 800px) 100vw, 800px\" \/>\t\t\t\t\t\t\t\t\t\t\t\t\t\t\t<\/div>\n\t\t\t\t<\/div>\n\t\t\t\t<\/div>\n\t\t<div class=\"elementor-element elementor-element-2ce293c e-con-full e-flex e-con e-child\" data-id=\"2ce293c\" data-element_type=\"container\" data-e-type=\"container\">\n\t\t\t\t<div class=\"elementor-element elementor-element-f91e502 elementor-widget elementor-widget-text-editor\" data-id=\"f91e502\" data-element_type=\"widget\" data-e-type=\"widget\" data-widget_type=\"text-editor.default\">\n\t\t\t\t<div class=\"elementor-widget-container\">\n\t\t\t\t\t\t\t\t\t<p> <\/p><p>Al mismo tiempo, Jean Bo\u00e9 encarg\u00f3 a un arquitecto <a href=\"https:\/\/fr.wikipedia.org\/wiki\/Paysagiste\" target=\"_blank\" rel=\"noopener\">paisajista<\/a> de<a href=\"https:\/\/fr.wikipedia.org\/wiki\/Albi\" target=\"_blank\" rel=\"noopener\">Albi<\/a> el proyecto de un parque de 7 a 8 hect\u00e1reas, situado en medio de prados y tierras de cultivo. El proyecto se llev\u00f3 a cabo y, a finales de 1894, la familia Bo\u00e9 se instal\u00f3 en el renovado castillo del Buc. Comenz\u00f3 una \u00e9poca de esplendor en Le Buc, con caballos, carruajes, bailes y visitas constantes.  <\/p>\t\t\t\t\t\t\t\t<\/div>\n\t\t\t\t<\/div>\n\t\t\t\t<\/div>\n\t\t\t\t\t<\/div>\n\t\t\t\t<\/div>\n\t\t<div class=\"elementor-element elementor-element-fc05baf e-flex e-con-boxed e-con e-parent\" data-id=\"fc05baf\" data-element_type=\"container\" data-e-type=\"container\">\n\t\t\t\t\t<div class=\"e-con-inner\">\n\t\t<div class=\"elementor-element elementor-element-393f6b0 e-con-full e-flex e-con e-child\" data-id=\"393f6b0\" data-element_type=\"container\" data-e-type=\"container\">\n\t\t\t\t<div class=\"elementor-element elementor-element-025c932 elementor-widget elementor-widget-text-editor\" data-id=\"025c932\" data-element_type=\"widget\" data-e-type=\"widget\" data-widget_type=\"text-editor.default\">\n\t\t\t\t<div class=\"elementor-widget-container\">\n\t\t\t\t\t\t\t\t\t<p> <\/p>\n<p><\/p>\n<p>En 2004,<strong>Le Domaine du Buc <\/strong> se transform\u00f3 en<a href=\"https:\/\/www.domainedubuc.com\/cat\/chambres-dhote\/\"> <strong>encantadora casa de hu\u00e9spedes<\/strong><\/a> cuidadosamente conservada en su estado original. Los altibajos del mantenimiento de los edificios y el envejecimiento de las plantaciones han tenido poco impacto en la \u00ablegibilidad\u00bb de la finca, donde puedes rastrear f\u00e1cilmente la vida, las ambiciones y las preocupaciones de la burgues\u00eda terrateniente, que se enorgullec\u00eda de vivir con estilo, como los arist\u00f3cratas antes de la revoluci\u00f3n.<sup><a href=\"https:\/\/fr.wikipedia.org\/wiki\/Domaine_du_Buc#cite_note-:0-1\" target=\"_blank\" rel=\"noopener\">1<\/a><\/sup>. <\/p>\n<p><\/p>\n<p>Los aficionados a la historia pueden pedirnos m\u00e1s detalles o encontrar informaci\u00f3n en la <strong><a href=\"https:\/\/fr.wikipedia.org\/wiki\/Domaine_du_Buc\" target=\"_blank\" rel=\"noreferrer noopener\">p\u00e1gina de Wikipedia sobre el Domaine du Buc<\/a><\/strong> y en la <a href=\"https:\/\/www.domainedubuc.com\/wp-content\/uploads\/2023\/03\/La_Gazette_des_Chaateaux_DU_BUC_WEB_Final.pdf\" target=\"_blank\" rel=\"noreferrer noopener\">Gazette des ch\u00e2teaux<\/a>.<\/p>\n<p><\/p>\n<p>Las <a href=\"https:\/\/www.domainedubuc.com\/?p=4095\">habitaciones de la planta baja<\/a> conservan algunos elementos del antiguo castillo Teissier.<\/p>\t\t\t\t\t\t\t\t<\/div>\n\t\t\t\t<\/div>\n\t\t\t\t<\/div>\n\t\t<div class=\"elementor-element elementor-element-b11b413 e-con-full e-flex e-con e-child\" data-id=\"b11b413\" data-element_type=\"container\" data-e-type=\"container\">\n\t\t\t\t<div class=\"elementor-element elementor-element-e85dc3b elementor-widget elementor-widget-image\" data-id=\"e85dc3b\" data-element_type=\"widget\" data-e-type=\"widget\" data-widget_type=\"image.default\">\n\t\t\t\t<div class=\"elementor-widget-container\">\n\t\t\t\t\t\t\t\t\t\t\t\t\t\t\t<img decoding=\"async\" width=\"800\" height=\"531\" src=\"https:\/\/www.domainedubuc.com\/wp-content\/uploads\/2022\/03\/Header-accueil-site--1024x680.png\" class=\"attachment-large size-large wp-image-10174\" alt=\"salon chambres d hotes albi tarn\" loading=\"lazy\" srcset=\"https:\/\/www.domainedubuc.com\/wp-content\/uploads\/2022\/03\/Header-accueil-site--1024x680.png 1024w, https:\/\/www.domainedubuc.com\/wp-content\/uploads\/2022\/03\/Header-accueil-site--300x199.png 300w, https:\/\/www.domainedubuc.com\/wp-content\/uploads\/2022\/03\/Header-accueil-site--319x213.png 319w, https:\/\/www.domainedubuc.com\/wp-content\/uploads\/2022\/03\/Header-accueil-site-.png 1280w\" sizes=\"auto, (max-width: 800px) 100vw, 800px\" \/>\t\t\t\t\t\t\t\t\t\t\t\t\t\t\t<\/div>\n\t\t\t\t<\/div>\n\t\t\t\t<\/div>\n\t\t\t\t\t<\/div>\n\t\t\t\t<\/div>\n\t\t<div class=\"elementor-element elementor-element-d86356b e-flex e-con-boxed e-con e-parent\" data-id=\"d86356b\" data-element_type=\"container\" data-e-type=\"container\">\n\t\t\t\t\t<div class=\"e-con-inner\">\n\t\t\t\t<div class=\"elementor-element elementor-element-c77d901 elementor-widget elementor-widget-n-accordion\" data-id=\"c77d901\" data-element_type=\"widget\" data-e-type=\"widget\" data-settings=\"{&quot;default_state&quot;:&quot;expanded&quot;,&quot;max_items_expended&quot;:&quot;one&quot;,&quot;n_accordion_animation_duration&quot;:{&quot;unit&quot;:&quot;ms&quot;,&quot;size&quot;:400,&quot;sizes&quot;:[]}}\" data-widget_type=\"nested-accordion.default\">\n\t\t\t\t<div class=\"elementor-widget-container\">\n\t\t\t\t\t\t\t<div class=\"e-n-accordion\" aria-label=\"Accordion. Open links with Enter or Space, close with Escape, and navigate with Arrow Keys\">\n\t\t\t\t\t\t<details id=\"e-n-accordion-item-2090\" class=\"e-n-accordion-item\" open>\n\t\t\t\t<summary class=\"e-n-accordion-item-title\" data-accordion-index=\"1\" tabindex=\"0\" aria-expanded=\"true\" aria-controls=\"e-n-accordion-item-2090\" >\n\t\t\t\t\t<span class='e-n-accordion-item-title-header'><h6 class=\"e-n-accordion-item-title-text\"> \u00bfLa piscina es accesible en todo momento?   <\/h6><\/span>\n\t\t\t\t\t\t\t<span class='e-n-accordion-item-title-icon'>\n\t\t\t<span class='e-opened' ><svg aria-hidden=\"true\" class=\"e-font-icon-svg e-fas-chevron-down\" viewBox=\"0 0 448 512\" xmlns=\"http:\/\/www.w3.org\/2000\/svg\"><path d=\"M207.029 381.476L12.686 187.132c-9.373-9.373-9.373-24.569 0-33.941l22.667-22.667c9.357-9.357 24.522-9.375 33.901-.04L224 284.505l154.745-154.021c9.379-9.335 24.544-9.317 33.901.04l22.667 22.667c9.373 9.373 9.373 24.569 0 33.941L240.971 381.476c-9.373 9.372-24.569 9.372-33.942 0z\"><\/path><\/svg><\/span>\n\t\t\t<span class='e-closed'><svg aria-hidden=\"true\" class=\"e-font-icon-svg e-fas-chevron-right\" viewBox=\"0 0 320 512\" xmlns=\"http:\/\/www.w3.org\/2000\/svg\"><path d=\"M285.476 272.971L91.132 467.314c-9.373 9.373-24.569 9.373-33.941 0l-22.667-22.667c-9.357-9.357-9.375-24.522-.04-33.901L188.505 256 34.484 101.255c-9.335-9.379-9.317-24.544.04-33.901l22.667-22.667c9.373-9.373 24.569-9.373 33.941 0L285.475 239.03c9.373 9.372 9.373 24.568.001 33.941z\"><\/path><\/svg><\/span>\n\t\t<\/span>\n\n\t\t\t\t\t\t<\/summary>\n\t\t\t\t<div role=\"region\" aria-labelledby=\"e-n-accordion-item-2090\" class=\"elementor-element elementor-element-f1fc61c e-con-full e-flex e-con e-child\" data-id=\"f1fc61c\" data-element_type=\"container\" data-e-type=\"container\">\n\t\t\t\t<div class=\"elementor-element elementor-element-392d66e elementor-widget elementor-widget-text-editor\" data-id=\"392d66e\" data-element_type=\"widget\" data-e-type=\"widget\" data-widget_type=\"text-editor.default\">\n\t\t\t\t<div class=\"elementor-widget-container\">\n\t\t\t\t\t\t\t\t\t<p>La piscina est\u00e1 abierta para ti durante tu estancia en el Domaine du Buc (de 8.30 a 20.30 h). No es accesible a personas ajenas durante el d\u00eda.  <\/p>\t\t\t\t\t\t\t\t<\/div>\n\t\t\t\t<\/div>\n\t\t\t\t<\/div>\n\t\t\t\t\t<\/details>\n\t\t\t\t\t\t<details id=\"e-n-accordion-item-2091\" class=\"e-n-accordion-item\" >\n\t\t\t\t<summary class=\"e-n-accordion-item-title\" data-accordion-index=\"2\" tabindex=\"-1\" aria-expanded=\"false\" aria-controls=\"e-n-accordion-item-2091\" >\n\t\t\t\t\t<span class='e-n-accordion-item-title-header'><h6 class=\"e-n-accordion-item-title-text\"> \u00bfLa piscina est\u00e1 climatizada?   <\/h6><\/span>\n\t\t\t\t\t\t\t<span class='e-n-accordion-item-title-icon'>\n\t\t\t<span class='e-opened' ><svg aria-hidden=\"true\" class=\"e-font-icon-svg e-fas-chevron-down\" viewBox=\"0 0 448 512\" xmlns=\"http:\/\/www.w3.org\/2000\/svg\"><path d=\"M207.029 381.476L12.686 187.132c-9.373-9.373-9.373-24.569 0-33.941l22.667-22.667c9.357-9.357 24.522-9.375 33.901-.04L224 284.505l154.745-154.021c9.379-9.335 24.544-9.317 33.901.04l22.667 22.667c9.373 9.373 9.373 24.569 0 33.941L240.971 381.476c-9.373 9.372-24.569 9.372-33.942 0z\"><\/path><\/svg><\/span>\n\t\t\t<span class='e-closed'><svg aria-hidden=\"true\" class=\"e-font-icon-svg e-fas-chevron-right\" viewBox=\"0 0 320 512\" xmlns=\"http:\/\/www.w3.org\/2000\/svg\"><path d=\"M285.476 272.971L91.132 467.314c-9.373 9.373-24.569 9.373-33.941 0l-22.667-22.667c-9.357-9.357-9.375-24.522-.04-33.901L188.505 256 34.484 101.255c-9.335-9.379-9.317-24.544.04-33.901l22.667-22.667c9.373-9.373 24.569-9.373 33.941 0L285.475 239.03c9.373 9.372 9.373 24.568.001 33.941z\"><\/path><\/svg><\/span>\n\t\t<\/span>\n\n\t\t\t\t\t\t<\/summary>\n\t\t\t\t<div role=\"region\" aria-labelledby=\"e-n-accordion-item-2091\" class=\"elementor-element elementor-element-6dadd70 e-con-full e-flex e-con e-child\" data-id=\"6dadd70\" data-element_type=\"container\" data-e-type=\"container\">\n\t\t\t\t<div class=\"elementor-element elementor-element-9db63e6 elementor-widget elementor-widget-text-editor\" data-id=\"9db63e6\" data-element_type=\"widget\" data-e-type=\"widget\" data-widget_type=\"text-editor.default\">\n\t\t\t\t<div class=\"elementor-widget-container\">\n\t\t\t\t\t\t\t\t\t<p>Como estamos en el sur de Francia e intentamos respetar el planeta, la piscina no est\u00e1 climatizada. Sin embargo, la temperatura oscila entre 25 y 29 grados seg\u00fan la estaci\u00f3n.   <\/p>\t\t\t\t\t\t\t\t<\/div>\n\t\t\t\t<\/div>\n\t\t\t\t<\/div>\n\t\t\t\t\t<\/details>\n\t\t\t\t\t\t<details id=\"e-n-accordion-item-2092\" class=\"e-n-accordion-item\" >\n\t\t\t\t<summary class=\"e-n-accordion-item-title\" data-accordion-index=\"3\" tabindex=\"-1\" aria-expanded=\"false\" aria-controls=\"e-n-accordion-item-2092\" >\n\t\t\t\t\t<span class='e-n-accordion-item-title-header'><h6 class=\"e-n-accordion-item-title-text\"> \u00bfEs posible acceder a la piscina el d\u00eda de nuestra salida?   <\/h6><\/span>\n\t\t\t\t\t\t\t<span class='e-n-accordion-item-title-icon'>\n\t\t\t<span class='e-opened' ><svg aria-hidden=\"true\" class=\"e-font-icon-svg e-fas-chevron-down\" viewBox=\"0 0 448 512\" xmlns=\"http:\/\/www.w3.org\/2000\/svg\"><path d=\"M207.029 381.476L12.686 187.132c-9.373-9.373-9.373-24.569 0-33.941l22.667-22.667c9.357-9.357 24.522-9.375 33.901-.04L224 284.505l154.745-154.021c9.379-9.335 24.544-9.317 33.901.04l22.667 22.667c9.373 9.373 9.373 24.569 0 33.941L240.971 381.476c-9.373 9.372-24.569 9.372-33.942 0z\"><\/path><\/svg><\/span>\n\t\t\t<span class='e-closed'><svg aria-hidden=\"true\" class=\"e-font-icon-svg e-fas-chevron-right\" viewBox=\"0 0 320 512\" xmlns=\"http:\/\/www.w3.org\/2000\/svg\"><path d=\"M285.476 272.971L91.132 467.314c-9.373 9.373-24.569 9.373-33.941 0l-22.667-22.667c-9.357-9.357-9.375-24.522-.04-33.901L188.505 256 34.484 101.255c-9.335-9.379-9.317-24.544.04-33.901l22.667-22.667c9.373-9.373 24.569-9.373 33.941 0L285.475 239.03c9.373 9.372 9.373 24.568.001 33.941z\"><\/path><\/svg><\/span>\n\t\t<\/span>\n\n\t\t\t\t\t\t<\/summary>\n\t\t\t\t<div role=\"region\" aria-labelledby=\"e-n-accordion-item-2092\" class=\"elementor-element elementor-element-a8515d1 e-con-full e-flex e-con e-child\" data-id=\"a8515d1\" data-element_type=\"container\" data-e-type=\"container\">\n\t\t\t\t<div class=\"elementor-element elementor-element-82ce77a elementor-widget elementor-widget-text-editor\" data-id=\"82ce77a\" data-element_type=\"widget\" data-e-type=\"widget\" data-widget_type=\"text-editor.default\">\n\t\t\t\t<div class=\"elementor-widget-container\">\n\t\t\t\t\t\t\t\t\t<p>Dependiendo de lo ocupado que est\u00e9 el lugar, podr\u00e1s (o no) disfrutar de un \u00faltimo ba\u00f1o (entre las 11.00 y las 12.30 h) antes de irte. A convenir con Brigitte   <\/p>\t\t\t\t\t\t\t\t<\/div>\n\t\t\t\t<\/div>\n\t\t\t\t<\/div>\n\t\t\t\t\t<\/details>\n\t\t\t\t\t<\/div>\n\t\t\t\t\t<script type=\"application\/ld+json\">{\"@context\":\"https:\\\/\\\/schema.org\",\"@type\":\"FAQPage\",\"mainEntity\":[{\"@type\":\"Question\",\"name\":\"\\u00bfLa piscina es accesible en todo momento?\",\"acceptedAnswer\":{\"@type\":\"Answer\",\"text\":\"La piscina est\\u00e1 abierta para ti durante tu estancia en el Domaine du Buc (de 8.30 a 20.30 h). No es accesible a personas ajenas durante el d\\u00eda.\"}},{\"@type\":\"Question\",\"name\":\"\\u00bfLa piscina est\\u00e1 climatizada?\",\"acceptedAnswer\":{\"@type\":\"Answer\",\"text\":\"Como estamos en el sur de Francia e intentamos respetar el planeta, la piscina no est\\u00e1 climatizada. Sin embargo, la temperatura oscila entre 25 y 29 grados seg\\u00fan la estaci\\u00f3n.\"}},{\"@type\":\"Question\",\"name\":\"\\u00bfEs posible acceder a la piscina el d\\u00eda de nuestra salida?\",\"acceptedAnswer\":{\"@type\":\"Answer\",\"text\":\"Dependiendo de lo ocupado que est\\u00e9 el lugar, podr\\u00e1s (o no) disfrutar de un \\u00faltimo ba\\u00f1o (entre las 11.00 y las 12.30 h) antes de irte. A convenir con Brigitte\"}}]}<\/script>\n\t\t\t\t\t\t\t<\/div>\n\t\t\t\t<\/div>\n\t\t\t\t\t<\/div>\n\t\t\t\t<\/div>\n\t\t\t\t<\/div>\n\t\t","protected":false},"excerpt":{"rendered":"<p>Una historia familiar Situado en los municipios de Marssac y Florentin, a una docena de kil\u00f3metros de Albi, Le Buc es un lugar llamativo con unos cuantos \u00e1rboles grandes en un vasto parque ajardinado. terreno ajardinado donde se encuentran los edificios, con su aspecto de finales del siglo XIX. Construido sobre cimientos mucho m\u00e1s antiguos [&hellip;]<\/p>\n","protected":false},"author":6,"featured_media":15044,"parent":0,"menu_order":0,"comment_status":"closed","ping_status":"closed","template":"","meta":{"_acf_changed":false,"inline_featured_image":false,"footnotes":""},"class_list":["post-15041","page","type-page","status-publish","has-post-thumbnail","hentry"],"acf":[],"_links":{"self":[{"href":"https:\/\/www.domainedubuc.com\/es\/wp-json\/wp\/v2\/pages\/15041","targetHints":{"allow":["GET"]}}],"collection":[{"href":"https:\/\/www.domainedubuc.com\/es\/wp-json\/wp\/v2\/pages"}],"about":[{"href":"https:\/\/www.domainedubuc.com\/es\/wp-json\/wp\/v2\/types\/page"}],"author":[{"embeddable":true,"href":"https:\/\/www.domainedubuc.com\/es\/wp-json\/wp\/v2\/users\/6"}],"replies":[{"embeddable":true,"href":"https:\/\/www.domainedubuc.com\/es\/wp-json\/wp\/v2\/comments?post=15041"}],"version-history":[{"count":1,"href":"https:\/\/www.domainedubuc.com\/es\/wp-json\/wp\/v2\/pages\/15041\/revisions"}],"predecessor-version":[{"id":15046,"href":"https:\/\/www.domainedubuc.com\/es\/wp-json\/wp\/v2\/pages\/15041\/revisions\/15046"}],"wp:featuredmedia":[{"embeddable":true,"href":"https:\/\/www.domainedubuc.com\/es\/wp-json\/wp\/v2\/media\/15044"}],"wp:attachment":[{"href":"https:\/\/www.domainedubuc.com\/es\/wp-json\/wp\/v2\/media?parent=15041"}],"curies":[{"name":"wp","href":"https:\/\/api.w.org\/{rel}","templated":true}]}}