{"id":15164,"date":"2026-03-30T15:43:19","date_gmt":"2026-03-30T14:43:19","guid":{"rendered":"https:\/\/www.domainedubuc.com\/piraguismo-golf-y-senderismo\/"},"modified":"2026-03-30T15:43:21","modified_gmt":"2026-03-30T14:43:21","slug":"piraguismo-golf-y-senderismo","status":"publish","type":"page","link":"https:\/\/www.domainedubuc.com\/es\/piraguismo-golf-y-senderismo\/","title":{"rendered":"Pirag\u00fcismo, Golf y Senderismo"},"content":{"rendered":"\t\t<div data-elementor-type=\"wp-page\" data-elementor-id=\"15164\" class=\"elementor elementor-15164 elementor-14223\" data-elementor-post-type=\"page\">\n\t\t\t\t<div class=\"elementor-element elementor-element-8377e24 e-flex e-con-boxed e-con e-parent\" data-id=\"8377e24\" data-element_type=\"container\" data-e-type=\"container\">\n\t\t\t\t\t<div class=\"e-con-inner\">\n\t\t\t\t<div class=\"elementor-element elementor-element-a63f9e1 elementor-widget elementor-widget-heading\" data-id=\"a63f9e1\" data-element_type=\"widget\" data-e-type=\"widget\" data-widget_type=\"heading.default\">\n\t\t\t\t<div class=\"elementor-widget-container\">\n\t\t\t\t\t<h2 class=\"elementor-heading-title elementor-size-default\">Campo de golf de 18 hoyos<\/h2>\t\t\t\t<\/div>\n\t\t\t\t<\/div>\n\t\t\t\t\t<\/div>\n\t\t\t\t<\/div>\n\t\t<div class=\"elementor-element elementor-element-fc32297 e-flex e-con-boxed e-con e-parent\" data-id=\"fc32297\" data-element_type=\"container\" data-e-type=\"container\">\n\t\t\t\t\t<div class=\"e-con-inner\">\n\t\t<div class=\"elementor-element elementor-element-2f356e5 e-con-full e-flex e-con e-child\" data-id=\"2f356e5\" data-element_type=\"container\" data-e-type=\"container\">\n\t\t\t\t<div class=\"elementor-element elementor-element-a3d8d13 elementor-widget elementor-widget-text-editor\" data-id=\"a3d8d13\" data-element_type=\"widget\" data-e-type=\"widget\" data-widget_type=\"text-editor.default\">\n\t\t\t\t<div class=\"elementor-widget-container\">\n\t\t\t\t\t\t\t\t\t<p><strong>Golf de Lasborde, Albi (7 km)<\/strong>, 18 hoyos, restauraci\u00f3n in situ. El campo de golf de Albi-Lasbordes ha sido clasificado por Golf Europ\u00e9en como uno de los 21 mejores campos de golf de Francia y el mejor campo de golf de la regi\u00f3n de Midi-Pyr\u00e9n\u00e9es. <br \/>Recepci\u00f3n y reservas: 05 63 54 98 07 Sitio web: <a href=\"https:\/\/jouer.golf\/golf\/ugolf-albi\/\" target=\"_blank\" rel=\"noopener\">www.golfalbi.com<\/a> <\/p><p>Este campo de golf se encuentra a 10 minutos del Domaine du Buc, \u00a1perfecto para una escapada de \u00abgolf y vida de castillo\u00bb!  <\/p><p><a href=\"https:\/\/www.domainedubuc.com\/chambres-d-hotes\/\">\u00a1Reserva tu estancia!<\/a><\/p>\t\t\t\t\t\t\t\t<\/div>\n\t\t\t\t<\/div>\n\t\t\t\t<\/div>\n\t\t<div class=\"elementor-element elementor-element-3c066b2 e-con-full e-flex e-con e-child\" data-id=\"3c066b2\" data-element_type=\"container\" data-e-type=\"container\">\n\t\t\t\t<div class=\"elementor-element elementor-element-b9501e0 elementor-widget elementor-widget-image\" data-id=\"b9501e0\" data-element_type=\"widget\" data-e-type=\"widget\" data-widget_type=\"image.default\">\n\t\t\t\t<div class=\"elementor-widget-container\">\n\t\t\t\t\t\t\t\t\t\t\t\t\t\t\t<img loading=\"lazy\" decoding=\"async\" width=\"800\" height=\"531\" src=\"https:\/\/www.domainedubuc.com\/wp-content\/uploads\/2016\/03\/Sport-H-1-1024x680.jpg\" class=\"attachment-large size-large wp-image-5026\" alt=\"Golf \u00e0 proximite du Domaine du Buc\" srcset=\"https:\/\/www.domainedubuc.com\/wp-content\/uploads\/2016\/03\/Sport-H-1-1024x680.jpg 1024w, https:\/\/www.domainedubuc.com\/wp-content\/uploads\/2016\/03\/Sport-H-1-300x199.jpg 300w, https:\/\/www.domainedubuc.com\/wp-content\/uploads\/2016\/03\/Sport-H-1-319x213.jpg 319w, https:\/\/www.domainedubuc.com\/wp-content\/uploads\/2016\/03\/Sport-H-1.jpg 1280w\" sizes=\"auto, (max-width: 800px) 100vw, 800px\" \/>\t\t\t\t\t\t\t\t\t\t\t\t\t\t\t<\/div>\n\t\t\t\t<\/div>\n\t\t\t\t<\/div>\n\t\t\t\t\t<\/div>\n\t\t\t\t<\/div>\n\t\t<div class=\"elementor-element elementor-element-b8251e7 e-flex e-con-boxed e-con e-parent\" data-id=\"b8251e7\" data-element_type=\"container\" data-e-type=\"container\">\n\t\t\t\t\t<div class=\"e-con-inner\">\n\t\t\t\t<div class=\"elementor-element elementor-element-e1b4d08 elementor-widget elementor-widget-heading\" data-id=\"e1b4d08\" data-element_type=\"widget\" data-e-type=\"widget\" data-widget_type=\"heading.default\">\n\t\t\t\t<div class=\"elementor-widget-container\">\n\t\t\t\t\t<h2 class=\"elementor-heading-title elementor-size-default\">Pirag\u00fcismo en el valle del Tarn (a 30 minutos)<\/h2>\t\t\t\t<\/div>\n\t\t\t\t<\/div>\n\t\t\t\t\t<\/div>\n\t\t\t\t<\/div>\n\t\t<div class=\"elementor-element elementor-element-55becd1 e-flex e-con-boxed e-con e-parent\" data-id=\"55becd1\" data-element_type=\"container\" data-e-type=\"container\">\n\t\t\t\t\t<div class=\"e-con-inner\">\n\t\t<div class=\"elementor-element elementor-element-9ff58c6 e-con-full e-flex e-con e-child\" data-id=\"9ff58c6\" data-element_type=\"container\" data-e-type=\"container\">\n\t\t\t\t<div class=\"elementor-element elementor-element-aa84f84 elementor-widget elementor-widget-image\" data-id=\"aa84f84\" data-element_type=\"widget\" data-e-type=\"widget\" data-widget_type=\"image.default\">\n\t\t\t\t<div class=\"elementor-widget-container\">\n\t\t\t\t\t\t\t\t\t\t\t\t\t\t\t<img loading=\"lazy\" decoding=\"async\" width=\"800\" height=\"400\" src=\"https:\/\/www.domainedubuc.com\/wp-content\/uploads\/2013\/02\/canoe-tourisme-Tarn.jpg\" class=\"attachment-large size-large wp-image-920\" alt=\"activit\u00e9s plein air , balade kayak sur le Tarn , Domaine du Buc\" srcset=\"https:\/\/www.domainedubuc.com\/wp-content\/uploads\/2013\/02\/canoe-tourisme-Tarn.jpg 800w, https:\/\/www.domainedubuc.com\/wp-content\/uploads\/2013\/02\/canoe-tourisme-Tarn-300x150.jpg 300w, https:\/\/www.domainedubuc.com\/wp-content\/uploads\/2013\/02\/canoe-tourisme-Tarn-768x384.jpg 768w\" sizes=\"auto, (max-width: 800px) 100vw, 800px\" \/>\t\t\t\t\t\t\t\t\t\t\t\t\t\t\t<\/div>\n\t\t\t\t<\/div>\n\t\t\t\t<\/div>\n\t\t<div class=\"elementor-element elementor-element-fae1ab1 e-con-full e-flex e-con e-child\" data-id=\"fae1ab1\" data-element_type=\"container\" data-e-type=\"container\">\n\t\t\t\t<div class=\"elementor-element elementor-element-2fd67e3 elementor-widget elementor-widget-text-editor\" data-id=\"2fd67e3\" data-element_type=\"widget\" data-e-type=\"widget\" data-widget_type=\"text-editor.default\">\n\t\t\t\t<div class=\"elementor-widget-container\">\n\t\t\t\t\t\t\t\t\t<p><strong>El curso del Tarn es tan tranquilo<\/strong> que resulta ideal para practicar pirag\u00fcismo en familia o en peque\u00f1os grupos. Aqu\u00ed, el r\u00edo serpentea y serpentea por sus arboladas orillas. Lo m\u00e1s destacado es <strong>el meandro alrededor del pueblo de Ambialet, que<\/strong> se ha convertido m\u00e1gicamente en una pen\u00ednsula en la regi\u00f3n del Tarn.<br \/>Alquiler de canoas y kayaks en LO CAPIAL: 05 63 55 36 98 sitio web :  <br \/><strong><a href=\"http:\/\/cdck81.com\/\" target=\"_blank\" rel=\"noreferrer noopener\">http:\/\/cdck81.com\/<\/a><\/strong><\/p>\t\t\t\t\t\t\t\t<\/div>\n\t\t\t\t<\/div>\n\t\t\t\t<\/div>\n\t\t\t\t\t<\/div>\n\t\t\t\t<\/div>\n\t\t<div class=\"elementor-element elementor-element-3d1f43c e-flex e-con-boxed e-con e-parent\" data-id=\"3d1f43c\" data-element_type=\"container\" data-e-type=\"container\">\n\t\t\t\t\t<div class=\"e-con-inner\">\n\t\t\t\t<div class=\"elementor-element elementor-element-0f2fbcf elementor-widget elementor-widget-heading\" data-id=\"0f2fbcf\" data-element_type=\"widget\" data-e-type=\"widget\" data-widget_type=\"heading.default\">\n\t\t\t\t<div class=\"elementor-widget-container\">\n\t\t\t\t\t<h2 class=\"elementor-heading-title elementor-size-default\">Excursi\u00f3n en barco Gabarre en Albi<\/h2>\t\t\t\t<\/div>\n\t\t\t\t<\/div>\n\t\t\t\t\t<\/div>\n\t\t\t\t<\/div>\n\t\t<div class=\"elementor-element elementor-element-7777825 e-flex e-con-boxed e-con e-parent\" data-id=\"7777825\" data-element_type=\"container\" data-e-type=\"container\">\n\t\t\t\t\t<div class=\"e-con-inner\">\n\t\t<div class=\"elementor-element elementor-element-7753c28 e-con-full e-flex e-con e-child\" data-id=\"7753c28\" data-element_type=\"container\" data-e-type=\"container\">\n\t\t\t\t<div class=\"elementor-element elementor-element-374ccf7 elementor-widget elementor-widget-text-editor\" data-id=\"374ccf7\" data-element_type=\"widget\" data-e-type=\"widget\" data-widget_type=\"text-editor.default\">\n\t\t\t\t<div class=\"elementor-widget-container\">\n\t\t\t\t\t\t\t\t\t<p><strong>Paseo en barca de fondo plano (gabarra) por el Tarn<\/strong> de mediados de junio a mediados de septiembre.<br \/>Descubre un r\u00edo todav\u00eda salvaje, la vida en sus orillas, <strong>su flora y fauna<\/strong>, un ambiente natural.<br \/>Salida de Aiguel\u00e8ze (a 5 minutos del Domaine du Buc) a las 10 h.<br \/>Llegada al pie de la catedral de Albi a las 11.45 h.<br \/>Lanzadera de autob\u00fas para el viaje de vuelta (personas m\u00edn. por confirmar)<br \/><strong>Albi croisi\u00e8res<\/strong>: Tel: 05 63 43 59 63<br \/>Sitio web: <a href=\"https:\/\/www.albi-croisieres.com\/\" target=\"_blank\" rel=\"noopener\">Albi Croisieres<\/a><\/p>\t\t\t\t\t\t\t\t<\/div>\n\t\t\t\t<\/div>\n\t\t\t\t<\/div>\n\t\t<div class=\"elementor-element elementor-element-b83df7d e-con-full e-flex e-con e-child\" data-id=\"b83df7d\" data-element_type=\"container\" data-e-type=\"container\">\n\t\t\t\t<div class=\"elementor-element elementor-element-7f89043 elementor-widget elementor-widget-image\" data-id=\"7f89043\" data-element_type=\"widget\" data-e-type=\"widget\" data-widget_type=\"image.default\">\n\t\t\t\t<div class=\"elementor-widget-container\">\n\t\t\t\t\t\t\t\t\t\t\t\t\t\t\t<img decoding=\"async\" width=\"587\" height=\"479\" src=\"https:\/\/www.domainedubuc.com\/wp-content\/uploads\/2016\/03\/Sport-1.jpg\" class=\"attachment-large size-large wp-image-5027\" alt=\"\" loading=\"lazy\" srcset=\"https:\/\/www.domainedubuc.com\/wp-content\/uploads\/2016\/03\/Sport-1.jpg 587w, https:\/\/www.domainedubuc.com\/wp-content\/uploads\/2016\/03\/Sport-1-300x245.jpg 300w\" sizes=\"auto, (max-width: 587px) 100vw, 587px\" \/>\t\t\t\t\t\t\t\t\t\t\t\t\t\t\t<\/div>\n\t\t\t\t<\/div>\n\t\t\t\t<\/div>\n\t\t\t\t\t<\/div>\n\t\t\t\t<\/div>\n\t\t<div class=\"elementor-element elementor-element-ffb6bf5 e-flex e-con-boxed e-con e-parent\" data-id=\"ffb6bf5\" data-element_type=\"container\" data-e-type=\"container\">\n\t\t\t\t\t<div class=\"e-con-inner\">\n\t\t<div class=\"elementor-element elementor-element-c526740 e-con-full e-flex e-con e-child\" data-id=\"c526740\" data-element_type=\"container\" data-e-type=\"container\">\n\t\t\t\t<div class=\"elementor-element elementor-element-2a02e0d elementor-widget elementor-widget-image\" data-id=\"2a02e0d\" data-element_type=\"widget\" data-e-type=\"widget\" data-widget_type=\"image.default\">\n\t\t\t\t<div class=\"elementor-widget-container\">\n\t\t\t\t\t\t\t\t\t\t\t\t\t\t\t<img decoding=\"async\" width=\"500\" height=\"300\" src=\"https:\/\/www.domainedubuc.com\/wp-content\/uploads\/2013\/02\/MontsLacauneR.jpg\" class=\"attachment-large size-large wp-image-1779\" alt=\"les Monts de Lacaune , randonn\u00e9es dans le Tarn\" loading=\"lazy\" srcset=\"https:\/\/www.domainedubuc.com\/wp-content\/uploads\/2013\/02\/MontsLacauneR.jpg 500w, https:\/\/www.domainedubuc.com\/wp-content\/uploads\/2013\/02\/MontsLacauneR-300x180.jpg 300w, https:\/\/www.domainedubuc.com\/wp-content\/uploads\/2013\/02\/MontsLacauneR-200x120.jpg 200w\" sizes=\"auto, (max-width: 500px) 100vw, 500px\" \/>\t\t\t\t\t\t\t\t\t\t\t\t\t\t\t<\/div>\n\t\t\t\t<\/div>\n\t\t\t\t<\/div>\n\t\t<div class=\"elementor-element elementor-element-23cd153 e-con-full e-flex e-con e-child\" data-id=\"23cd153\" data-element_type=\"container\" data-e-type=\"container\">\n\t\t\t\t<div class=\"elementor-element elementor-element-b962033 elementor-widget elementor-widget-text-editor\" data-id=\"b962033\" data-element_type=\"widget\" data-e-type=\"widget\" data-widget_type=\"text-editor.default\">\n\t\t\t\t<div class=\"elementor-widget-container\">\n\t\t\t\t\t\t\t\t\t<h3 class=\"wp-block-heading\">Tenis<\/h3>\n<p><\/p>\n<p>En Marssac sur Tarn 2 pistas de tenis (pista dura a 5 minutos) disponibles previa reserva.<\/p>\n<p><\/p>\n<h3 class=\"wp-block-heading\">Senderismo<\/h3>\n<p><\/p>\n<p>Todos los<strong> paseos<\/strong> por el Tarn disponibles en el sitio web: <a href=\"http:\/\/www.randonnee-tarn.com\/\" target=\"_blank\" rel=\"noreferrer noopener\">www.randonnee-tarn.com<\/a><\/p>\t\t\t\t\t\t\t\t<\/div>\n\t\t\t\t<\/div>\n\t\t\t\t<\/div>\n\t\t\t\t\t<\/div>\n\t\t\t\t<\/div>\n\t\t<div class=\"elementor-element elementor-element-18ec770 e-flex e-con-boxed e-con e-parent\" data-id=\"18ec770\" data-element_type=\"container\" data-e-type=\"container\">\n\t\t\t\t\t<div class=\"e-con-inner\">\n\t\t\t\t<div class=\"elementor-element elementor-element-901b978 elementor-widget elementor-widget-heading\" data-id=\"901b978\" data-element_type=\"widget\" data-e-type=\"widget\" data-widget_type=\"heading.default\">\n\t\t\t\t<div class=\"elementor-widget-container\">\n\t\t\t\t\t<h2 class=\"elementor-heading-title elementor-size-default\">Vuelo en globo aerost\u00e1tico<\/h2>\t\t\t\t<\/div>\n\t\t\t\t<\/div>\n\t\t\t\t\t<\/div>\n\t\t\t\t<\/div>\n\t\t<div class=\"elementor-element elementor-element-7a11f88 e-flex e-con-boxed e-con e-parent\" data-id=\"7a11f88\" data-element_type=\"container\" data-e-type=\"container\">\n\t\t\t\t\t<div class=\"e-con-inner\">\n\t\t<div class=\"elementor-element elementor-element-9ae5aaa e-con-full e-flex e-con e-child\" data-id=\"9ae5aaa\" data-element_type=\"container\" data-e-type=\"container\">\n\t\t\t\t<div class=\"elementor-element elementor-element-29e4572 elementor-widget elementor-widget-text-editor\" data-id=\"29e4572\" data-element_type=\"widget\" data-e-type=\"widget\" data-widget_type=\"text-editor.default\">\n\t\t\t\t<div class=\"elementor-widget-container\">\n\t\t\t\t\t\t\t\t\t<p> <\/p><p>Desde hace m\u00e1s de <strong>15 a\u00f1os<\/strong>, <strong>Atmosph&#8217;Air <\/strong>ofrece vuelos en globo aerost\u00e1tico en las regiones<strong> del Tarn <\/strong>y<strong> el Aveyron<\/strong>, cerca de Toulouse, Carcasona y Montpellier. Surca los cielos desde <span class=\"hover:entity-accent entity-underline inline cursor-pointer align-baseline\">Albi<\/span>, <span class=\"hover:entity-accent entity-underline inline cursor-pointer align-baseline\">Cordes-sur-Ciel<\/span>, <span class=\"hover:entity-accent entity-underline inline cursor-pointer align-baseline\">Gaillac<\/span>, <span class=\"hover:entity-accent entity-underline inline cursor-pointer align-baseline\">Lautrec<\/span>, <span class=\"hover:entity-accent entity-underline inline cursor-pointer align-baseline\">Lavaur<\/span>, o descubre el <span class=\"hover:entity-accent entity-underline inline cursor-pointer align-baseline\">Viaducto del Viaur <\/span><span class=\"hover:entity-accent entity-underline inline cursor-pointer align-baseline\">o<\/span> <span class=\"hover:entity-accent entity-underline inline cursor-pointer align-baseline\">el Lago de Pareloup<\/span>. <\/p><p><br \/>M\u00e1s de <strong>18.000 pasajeros<\/strong> ya han confiado en nosotros para su<strong> primer vuelo<\/strong>. Regala <strong>una experiencia inolvidable<\/strong>: haz tu pedido online y recibe tus billetes de avi\u00f3n o <strong>vales <\/strong>regalo inmediatamente por correo electr\u00f3nico o postal. <\/p><p>Para reservar tu vuelo:<\/p><p><a href=\"https:\/\/www.atmosphair-montgolfieres.fr\/\" target=\"_blank\" rel=\"noopener\">www.atmosphair-montgolfieres.fr\/<\/a><\/p>\t\t\t\t\t\t\t\t<\/div>\n\t\t\t\t<\/div>\n\t\t\t\t<\/div>\n\t\t<div class=\"elementor-element elementor-element-1002ee2 e-con-full e-flex e-con e-child\" data-id=\"1002ee2\" data-element_type=\"container\" data-e-type=\"container\">\n\t\t\t\t<div class=\"elementor-element elementor-element-02fae2e elementor-widget elementor-widget-image\" data-id=\"02fae2e\" data-element_type=\"widget\" data-e-type=\"widget\" data-widget_type=\"image.default\">\n\t\t\t\t<div class=\"elementor-widget-container\">\n\t\t\t\t\t\t\t\t\t\t\t\t\t\t\t<img decoding=\"async\" width=\"800\" height=\"531\" src=\"https:\/\/www.domainedubuc.com\/wp-content\/uploads\/2016\/03\/Insolite-H-1024x680.jpg\" class=\"attachment-large size-large wp-image-5006\" alt=\"vol en montgolfiere Albi\" loading=\"lazy\" srcset=\"https:\/\/www.domainedubuc.com\/wp-content\/uploads\/2016\/03\/Insolite-H-1024x680.jpg 1024w, https:\/\/www.domainedubuc.com\/wp-content\/uploads\/2016\/03\/Insolite-H-300x199.jpg 300w, https:\/\/www.domainedubuc.com\/wp-content\/uploads\/2016\/03\/Insolite-H-319x213.jpg 319w, https:\/\/www.domainedubuc.com\/wp-content\/uploads\/2016\/03\/Insolite-H.jpg 1280w\" sizes=\"auto, (max-width: 800px) 100vw, 800px\" \/>\t\t\t\t\t\t\t\t\t\t\t\t\t\t\t<\/div>\n\t\t\t\t<\/div>\n\t\t\t\t<\/div>\n\t\t\t\t\t<\/div>\n\t\t\t\t<\/div>\n\t\t\t\t<\/div>\n\t\t","protected":false},"excerpt":{"rendered":"<p>Campo de golf de 18 hoyos Golf de Lasborde, Albi (7 km), 18 hoyos, restauraci\u00f3n in situ. El campo de golf de Albi-Lasbordes ha sido clasificado por Golf Europ\u00e9en como uno de los 21 mejores campos de golf de Francia y el mejor campo de golf de la regi\u00f3n de Midi-Pyr\u00e9n\u00e9es. Recepci\u00f3n y reservas: 05 [&hellip;]<\/p>\n","protected":false},"author":6,"featured_media":15165,"parent":0,"menu_order":0,"comment_status":"closed","ping_status":"closed","template":"","meta":{"_acf_changed":false,"inline_featured_image":false,"footnotes":""},"class_list":["post-15164","page","type-page","status-publish","has-post-thumbnail","hentry"],"acf":[],"_links":{"self":[{"href":"https:\/\/www.domainedubuc.com\/es\/wp-json\/wp\/v2\/pages\/15164","targetHints":{"allow":["GET"]}}],"collection":[{"href":"https:\/\/www.domainedubuc.com\/es\/wp-json\/wp\/v2\/pages"}],"about":[{"href":"https:\/\/www.domainedubuc.com\/es\/wp-json\/wp\/v2\/types\/page"}],"author":[{"embeddable":true,"href":"https:\/\/www.domainedubuc.com\/es\/wp-json\/wp\/v2\/users\/6"}],"replies":[{"embeddable":true,"href":"https:\/\/www.domainedubuc.com\/es\/wp-json\/wp\/v2\/comments?post=15164"}],"version-history":[{"count":2,"href":"https:\/\/www.domainedubuc.com\/es\/wp-json\/wp\/v2\/pages\/15164\/revisions"}],"predecessor-version":[{"id":15168,"href":"https:\/\/www.domainedubuc.com\/es\/wp-json\/wp\/v2\/pages\/15164\/revisions\/15168"}],"wp:featuredmedia":[{"embeddable":true,"href":"https:\/\/www.domainedubuc.com\/es\/wp-json\/wp\/v2\/media\/15165"}],"wp:attachment":[{"href":"https:\/\/www.domainedubuc.com\/es\/wp-json\/wp\/v2\/media?parent=15164"}],"curies":[{"name":"wp","href":"https:\/\/api.w.org\/{rel}","templated":true}]}}